{"id":2334,"date":"2019-12-26T18:22:15","date_gmt":"2019-12-26T17:22:15","guid":{"rendered":"http:\/\/www.fox-foodprocessinginabox.eu\/?post_type=avada_portfolio&#038;p=2334"},"modified":"2020-02-03T16:39:42","modified_gmt":"2020-02-03T15:39:42","slug":"spolecnost-mladych-agrarniku-ceske-republiky-z-s","status":"publish","type":"avada_portfolio","link":"https:\/\/www.fox-foodprocessinginabox.eu\/nl\/portfolio-items\/spolecnost-mladych-agrarniku-ceske-republiky-z-s\/","title":{"rendered":"Spole\u010dnost mlad\u00fdch agr\u00e1rn\u00edk\u016f \u010cesk\u00e9 republiky, z. s."},"content":{"rendered":"<p><div class=\"fusion-fullwidth fullwidth-box fusion-builder-row-1 nonhundred-percent-fullwidth non-hundred-percent-height-scrolling\" style=\"background-color: rgba(255,255,255,0);background-position: center center;background-repeat: no-repeat;padding-top:0px;padding-right:0px;padding-bottom:0px;padding-left:0px;margin-bottom: 0px;margin-top: 0px;border-width: 0px 0px 0px 0px;border-color:#eae9e9;border-style:solid;\" ><div class=\"fusion-builder-row fusion-row\"><div class=\"fusion-layout-column fusion_builder_column fusion-builder-column-0 fusion_builder_column_1_2 1_2 fusion-one-half fusion-column-first\" style=\"width:50%;width:calc(50% - ( ( 4% ) * 0.5 ) );margin-right: 4%;margin-top:0px;margin-bottom:20px;\"><div class=\"fusion-column-wrapper fusion-flex-column-wrapper-legacy\" style=\"background-position:left top;background-repeat:no-repeat;-webkit-background-size:cover;-moz-background-size:cover;-o-background-size:cover;background-size:cover;padding: 0px 0px 0px 0px;\"><span class=\" fusion-imageframe imageframe-none imageframe-1 hover-type-zoomin\"><img decoding=\"async\" width=\"320\" height=\"280\" title=\"022-sma-cz\" src=\"data:image\/svg+xml,%3Csvg%20xmlns%3D%27http%3A%2F%2Fwww.w3.org%2F2000%2Fsvg%27%20width%3D%27320%27%20height%3D%27280%27%20viewBox%3D%270%200%20320%20280%27%3E%3Crect%20width%3D%27320%27%20height%3D%27280%27%20fill-opacity%3D%220%22%2F%3E%3C%2Fsvg%3E\" data-orig-src=\"http:\/\/www.fox-foodprocessinginabox.eu\/wp-content\/uploads\/2019\/07\/022-sma-cz.jpg\" alt class=\"lazyload img-responsive wp-image-745\"\/><\/span><div class=\"fusion-clearfix\"><\/div><\/div><\/div><div class=\"fusion-layout-column fusion_builder_column fusion-builder-column-1 fusion_builder_column_1_2 1_2 fusion-one-half fusion-column-last\" style=\"width:50%;width:calc(50% - ( ( 4% ) * 0.5 ) );margin-top:0px;margin-bottom:20px;\"><div class=\"fusion-column-wrapper fusion-flex-column-wrapper-legacy\" style=\"background-position:left top;background-repeat:no-repeat;-webkit-background-size:cover;-moz-background-size:cover;-o-background-size:cover;background-size:cover;padding: 0px 0px 0px 0px;\"><style type=\"text\/css\"><\/style><div class=\"fusion-title title fusion-title-1 fusion-sep-none fusion-title-text fusion-title-size-one\" style=\"margin-top:0px;margin-right:0px;margin-bottom:31px;margin-left:0px;\"><h1 class=\"title-heading-left fusion-responsive-typography-calculated\" style=\"margin:0;--fontSize:34;line-height:1.4;\">Spole\u010dnost mlad\u00fdch agr\u00e1rn\u00edk\u016f \u010cesk\u00e9 republiky, z. s.<\/h1><\/div><div class=\"fusion-text fusion-text-1\"><p><a href=\"http:\/\/www.smacr.cz\/\" target=\"_blank\" rel=\"noopener noreferrer\">De jonge agrari\u00ebrs organisatie van de Tsjechische Republiek<\/a>\u00a0 is een niet-gouvernementele organisatie (NGO) die de jonge landbouwgemeenschap en de plattelandsjongeren bijeenbrengt en beschermt. Wij zijn een niet-politieke en non-profit vrijwilligersorganisatie die in 1999 is opgericht. We cre\u00ebren en ondersteunen de beste voorwaarden voor de ontwikkeling en publiciteit van plattelandsgebieden en moderne landbouwbedrijven van jongeren. We vertegenwoordigen en beschermen de doelstellingen en activiteiten van onze leden in relatie tot de andere overheids- en niet-gouvernementele organisaties in Tsjechi\u00eb en in het buitenland. We bieden begeleiding, educatie en promotie van onze ledenactiviteiten. We werken ook samen met de andere organisaties, ondernemers en overheid. We hebben sterke relaties en communicatie met het buitenland. We organiseren regelmatig uitwisseling van jongeren en studenten naar buitenlandse boerderijen. We nemen deel aan vergaderingen en conferenties met landbouwonderwerpen. Wij zijn lid van CEJA, de organisatie van Europese jonge boeren en ECYF4HC \u2013 de Europese niet-gouvernementele organisatie voor plattelandsjongeren.<\/p>\n<\/div><div class=\"fusion-aligncenter\"><style>.fusion-body .fusion-button.button-1{border-color:#ffffff;border-radius:2px 2px 2px 2px;background:#da773e;}.fusion-body .fusion-button.button-1 .fusion-button-text,.fusion-body .fusion-button.button-1 i,.fusion-body .fusion-button.button-1:hover .fusion-button-text,.fusion-body .fusion-button.button-1:hover i,.fusion-body .fusion-button.button-1:focus .fusion-button-text,.fusion-body .fusion-button.button-1:focus i,.fusion-body .fusion-button.button-1:active .fusion-button-text,.fusion-body .fusion-button.button-1:active i{color:#ffffff;}.fusion-body .fusion-button.button-1:hover,.fusion-body .fusion-button.button-1:active,.fusion-body .fusion-button.button-1:focus{border-color:#ffffff;background:#da773e;}<\/style><a class=\"fusion-button button-flat fusion-button-default-size button-custom button-1 fusion-button-default-span fusion-button-default-type\" target=\"_blank\" rel=\"noopener noreferrer\" href=\"http:\/\/www.smacr.cz\/\"><span class=\"fusion-button-text\">VISIT website<\/span><\/a><\/div><div class=\"fusion-clearfix\"><\/div><\/div><\/div><\/div><\/div><div class=\"fusion-fullwidth fullwidth-box fusion-builder-row-2 nonhundred-percent-fullwidth non-hundred-percent-height-scrolling\" style=\"background-color: rgba(255,255,255,0);background-position: center center;background-repeat: no-repeat;padding-top:0px;padding-right:0px;padding-bottom:0px;padding-left:0px;margin-bottom: 0px;margin-top: 0px;border-width: 0px 0px 0px 0px;border-color:#eae9e9;border-style:solid;\" ><div class=\"fusion-builder-row fusion-row\"><div class=\"fusion-layout-column fusion_builder_column fusion-builder-column-2 fusion_builder_column_1_1 1_1 fusion-one-full fusion-column-first fusion-column-last\" style=\"margin-top:0px;margin-bottom:0px;\"><div class=\"fusion-column-wrapper fusion-flex-column-wrapper-legacy\" style=\"background-position:left top;background-repeat:no-repeat;-webkit-background-size:cover;-moz-background-size:cover;-o-background-size:cover;background-size:cover;padding: 0px 0px 0px 0px;\"><div class=\"fusion-text fusion-text-2\"><\/div><div class=\"fusion-clearfix\"><\/div><\/div><\/div><\/div><\/div><\/p>\n","protected":false},"excerpt":{"rendered":"<p>Dignissim diam quis enim lobortis scelerisque fermentum dui faucibus.<\/p>\n","protected":false},"author":2,"featured_media":745,"menu_order":0,"comment_status":"closed","ping_status":"closed","template":"","format":"standard","meta":{"footnotes":""},"portfolio_category":[82,64],"portfolio_skills":[],"portfolio_tags":[],"class_list":["post-2334","avada_portfolio","type-avada_portfolio","status-publish","format-standard","has-post-thumbnail","hentry","portfolio_category-czech-republic-nl","portfolio_category-partners-nl"],"yoast_head":"<!-- This site is optimized with the Yoast SEO plugin v26.4 - https:\/\/yoast.com\/wordpress\/plugins\/seo\/ -->\n<title>Spole\u010dnost mlad\u00fdch agr\u00e1rn\u00edk\u016f \u010cesk\u00e9 republiky, z. s. - FOX<\/title>\n<meta name=\"robots\" content=\"index, follow, max-snippet:-1, max-image-preview:large, max-video-preview:-1\" \/>\n<link rel=\"canonical\" href=\"https:\/\/www.fox-foodprocessinginabox.eu\/nl\/portfolio-items\/spolecnost-mladych-agrarniku-ceske-republiky-z-s\/\" \/>\n<meta property=\"og:locale\" content=\"nl_NL\" \/>\n<meta property=\"og:type\" content=\"article\" \/>\n<meta property=\"og:title\" content=\"Spole\u010dnost mlad\u00fdch agr\u00e1rn\u00edk\u016f \u010cesk\u00e9 republiky, z. s. - FOX\" \/>\n<meta property=\"og:description\" content=\"Dignissim diam quis enim lobortis scelerisque fermentum dui faucibus.\" \/>\n<meta property=\"og:url\" content=\"https:\/\/www.fox-foodprocessinginabox.eu\/nl\/portfolio-items\/spolecnost-mladych-agrarniku-ceske-republiky-z-s\/\" \/>\n<meta property=\"og:site_name\" content=\"FOX\" \/>\n<meta property=\"article:modified_time\" content=\"2020-02-03T15:39:42+00:00\" \/>\n<meta property=\"og:image\" content=\"https:\/\/www.fox-foodprocessinginabox.eu\/wp-content\/uploads\/2019\/07\/022-sma-cz.jpg\" \/>\n\t<meta property=\"og:image:width\" content=\"320\" \/>\n\t<meta property=\"og:image:height\" content=\"280\" \/>\n\t<meta property=\"og:image:type\" content=\"image\/jpeg\" \/>\n<meta name=\"twitter:card\" content=\"summary_large_image\" \/>\n<meta name=\"twitter:label1\" content=\"Geschatte leestijd\" \/>\n\t<meta name=\"twitter:data1\" content=\"4 minuten\" \/>\n<script type=\"application\/ld+json\" class=\"yoast-schema-graph\">{\"@context\":\"https:\/\/schema.org\",\"@graph\":[{\"@type\":\"WebPage\",\"@id\":\"https:\/\/www.fox-foodprocessinginabox.eu\/nl\/portfolio-items\/spolecnost-mladych-agrarniku-ceske-republiky-z-s\/\",\"url\":\"https:\/\/www.fox-foodprocessinginabox.eu\/nl\/portfolio-items\/spolecnost-mladych-agrarniku-ceske-republiky-z-s\/\",\"name\":\"Spole\u010dnost mlad\u00fdch agr\u00e1rn\u00edk\u016f \u010cesk\u00e9 republiky, z. s. - FOX\",\"isPartOf\":{\"@id\":\"https:\/\/www.fox-foodprocessinginabox.eu\/cs\/#website\"},\"primaryImageOfPage\":{\"@id\":\"https:\/\/www.fox-foodprocessinginabox.eu\/nl\/portfolio-items\/spolecnost-mladych-agrarniku-ceske-republiky-z-s\/#primaryimage\"},\"image\":{\"@id\":\"https:\/\/www.fox-foodprocessinginabox.eu\/nl\/portfolio-items\/spolecnost-mladych-agrarniku-ceske-republiky-z-s\/#primaryimage\"},\"thumbnailUrl\":\"https:\/\/www.fox-foodprocessinginabox.eu\/wp-content\/uploads\/2019\/07\/022-sma-cz.jpg\",\"datePublished\":\"2019-12-26T17:22:15+00:00\",\"dateModified\":\"2020-02-03T15:39:42+00:00\",\"breadcrumb\":{\"@id\":\"https:\/\/www.fox-foodprocessinginabox.eu\/nl\/portfolio-items\/spolecnost-mladych-agrarniku-ceske-republiky-z-s\/#breadcrumb\"},\"inLanguage\":\"nl-NL\",\"potentialAction\":[{\"@type\":\"ReadAction\",\"target\":[\"https:\/\/www.fox-foodprocessinginabox.eu\/nl\/portfolio-items\/spolecnost-mladych-agrarniku-ceske-republiky-z-s\/\"]}]},{\"@type\":\"ImageObject\",\"inLanguage\":\"nl-NL\",\"@id\":\"https:\/\/www.fox-foodprocessinginabox.eu\/nl\/portfolio-items\/spolecnost-mladych-agrarniku-ceske-republiky-z-s\/#primaryimage\",\"url\":\"https:\/\/www.fox-foodprocessinginabox.eu\/wp-content\/uploads\/2019\/07\/022-sma-cz.jpg\",\"contentUrl\":\"https:\/\/www.fox-foodprocessinginabox.eu\/wp-content\/uploads\/2019\/07\/022-sma-cz.jpg\",\"width\":320,\"height\":280},{\"@type\":\"BreadcrumbList\",\"@id\":\"https:\/\/www.fox-foodprocessinginabox.eu\/nl\/portfolio-items\/spolecnost-mladych-agrarniku-ceske-republiky-z-s\/#breadcrumb\",\"itemListElement\":[{\"@type\":\"ListItem\",\"position\":1,\"name\":\"Home\",\"item\":\"https:\/\/www.fox-foodprocessinginabox.eu\/nl\/\"},{\"@type\":\"ListItem\",\"position\":2,\"name\":\"Portfolio\",\"item\":\"https:\/\/www.fox-foodprocessinginabox.eu\/portfolio-items\/\"},{\"@type\":\"ListItem\",\"position\":3,\"name\":\"Spole\u010dnost mlad\u00fdch agr\u00e1rn\u00edk\u016f \u010cesk\u00e9 republiky, z. s.\"}]},{\"@type\":\"WebSite\",\"@id\":\"https:\/\/www.fox-foodprocessinginabox.eu\/cs\/#website\",\"url\":\"https:\/\/www.fox-foodprocessinginabox.eu\/cs\/\",\"name\":\"FOX\",\"description\":\"Food processing in a Box\",\"potentialAction\":[{\"@type\":\"SearchAction\",\"target\":{\"@type\":\"EntryPoint\",\"urlTemplate\":\"https:\/\/www.fox-foodprocessinginabox.eu\/cs\/?s={search_term_string}\"},\"query-input\":{\"@type\":\"PropertyValueSpecification\",\"valueRequired\":true,\"valueName\":\"search_term_string\"}}],\"inLanguage\":\"nl-NL\"}]}<\/script>\n<!-- \/ Yoast SEO plugin. -->","yoast_head_json":{"title":"Spole\u010dnost mlad\u00fdch agr\u00e1rn\u00edk\u016f \u010cesk\u00e9 republiky, z. s. - FOX","robots":{"index":"index","follow":"follow","max-snippet":"max-snippet:-1","max-image-preview":"max-image-preview:large","max-video-preview":"max-video-preview:-1"},"canonical":"https:\/\/www.fox-foodprocessinginabox.eu\/nl\/portfolio-items\/spolecnost-mladych-agrarniku-ceske-republiky-z-s\/","og_locale":"nl_NL","og_type":"article","og_title":"Spole\u010dnost mlad\u00fdch agr\u00e1rn\u00edk\u016f \u010cesk\u00e9 republiky, z. s. - FOX","og_description":"Dignissim diam quis enim lobortis scelerisque fermentum dui faucibus.","og_url":"https:\/\/www.fox-foodprocessinginabox.eu\/nl\/portfolio-items\/spolecnost-mladych-agrarniku-ceske-republiky-z-s\/","og_site_name":"FOX","article_modified_time":"2020-02-03T15:39:42+00:00","og_image":[{"width":320,"height":280,"url":"https:\/\/www.fox-foodprocessinginabox.eu\/wp-content\/uploads\/2019\/07\/022-sma-cz.jpg","type":"image\/jpeg"}],"twitter_card":"summary_large_image","twitter_misc":{"Geschatte leestijd":"4 minuten"},"schema":{"@context":"https:\/\/schema.org","@graph":[{"@type":"WebPage","@id":"https:\/\/www.fox-foodprocessinginabox.eu\/nl\/portfolio-items\/spolecnost-mladych-agrarniku-ceske-republiky-z-s\/","url":"https:\/\/www.fox-foodprocessinginabox.eu\/nl\/portfolio-items\/spolecnost-mladych-agrarniku-ceske-republiky-z-s\/","name":"Spole\u010dnost mlad\u00fdch agr\u00e1rn\u00edk\u016f \u010cesk\u00e9 republiky, z. s. - FOX","isPartOf":{"@id":"https:\/\/www.fox-foodprocessinginabox.eu\/cs\/#website"},"primaryImageOfPage":{"@id":"https:\/\/www.fox-foodprocessinginabox.eu\/nl\/portfolio-items\/spolecnost-mladych-agrarniku-ceske-republiky-z-s\/#primaryimage"},"image":{"@id":"https:\/\/www.fox-foodprocessinginabox.eu\/nl\/portfolio-items\/spolecnost-mladych-agrarniku-ceske-republiky-z-s\/#primaryimage"},"thumbnailUrl":"https:\/\/www.fox-foodprocessinginabox.eu\/wp-content\/uploads\/2019\/07\/022-sma-cz.jpg","datePublished":"2019-12-26T17:22:15+00:00","dateModified":"2020-02-03T15:39:42+00:00","breadcrumb":{"@id":"https:\/\/www.fox-foodprocessinginabox.eu\/nl\/portfolio-items\/spolecnost-mladych-agrarniku-ceske-republiky-z-s\/#breadcrumb"},"inLanguage":"nl-NL","potentialAction":[{"@type":"ReadAction","target":["https:\/\/www.fox-foodprocessinginabox.eu\/nl\/portfolio-items\/spolecnost-mladych-agrarniku-ceske-republiky-z-s\/"]}]},{"@type":"ImageObject","inLanguage":"nl-NL","@id":"https:\/\/www.fox-foodprocessinginabox.eu\/nl\/portfolio-items\/spolecnost-mladych-agrarniku-ceske-republiky-z-s\/#primaryimage","url":"https:\/\/www.fox-foodprocessinginabox.eu\/wp-content\/uploads\/2019\/07\/022-sma-cz.jpg","contentUrl":"https:\/\/www.fox-foodprocessinginabox.eu\/wp-content\/uploads\/2019\/07\/022-sma-cz.jpg","width":320,"height":280},{"@type":"BreadcrumbList","@id":"https:\/\/www.fox-foodprocessinginabox.eu\/nl\/portfolio-items\/spolecnost-mladych-agrarniku-ceske-republiky-z-s\/#breadcrumb","itemListElement":[{"@type":"ListItem","position":1,"name":"Home","item":"https:\/\/www.fox-foodprocessinginabox.eu\/nl\/"},{"@type":"ListItem","position":2,"name":"Portfolio","item":"https:\/\/www.fox-foodprocessinginabox.eu\/portfolio-items\/"},{"@type":"ListItem","position":3,"name":"Spole\u010dnost mlad\u00fdch agr\u00e1rn\u00edk\u016f \u010cesk\u00e9 republiky, z. s."}]},{"@type":"WebSite","@id":"https:\/\/www.fox-foodprocessinginabox.eu\/cs\/#website","url":"https:\/\/www.fox-foodprocessinginabox.eu\/cs\/","name":"FOX","description":"Food processing in a Box","potentialAction":[{"@type":"SearchAction","target":{"@type":"EntryPoint","urlTemplate":"https:\/\/www.fox-foodprocessinginabox.eu\/cs\/?s={search_term_string}"},"query-input":{"@type":"PropertyValueSpecification","valueRequired":true,"valueName":"search_term_string"}}],"inLanguage":"nl-NL"}]}},"_links":{"self":[{"href":"https:\/\/www.fox-foodprocessinginabox.eu\/nl\/wp-json\/wp\/v2\/avada_portfolio\/2334","targetHints":{"allow":["GET"]}}],"collection":[{"href":"https:\/\/www.fox-foodprocessinginabox.eu\/nl\/wp-json\/wp\/v2\/avada_portfolio"}],"about":[{"href":"https:\/\/www.fox-foodprocessinginabox.eu\/nl\/wp-json\/wp\/v2\/types\/avada_portfolio"}],"author":[{"embeddable":true,"href":"https:\/\/www.fox-foodprocessinginabox.eu\/nl\/wp-json\/wp\/v2\/users\/2"}],"replies":[{"embeddable":true,"href":"https:\/\/www.fox-foodprocessinginabox.eu\/nl\/wp-json\/wp\/v2\/comments?post=2334"}],"version-history":[{"count":3,"href":"https:\/\/www.fox-foodprocessinginabox.eu\/nl\/wp-json\/wp\/v2\/avada_portfolio\/2334\/revisions"}],"predecessor-version":[{"id":3269,"href":"https:\/\/www.fox-foodprocessinginabox.eu\/nl\/wp-json\/wp\/v2\/avada_portfolio\/2334\/revisions\/3269"}],"wp:featuredmedia":[{"embeddable":true,"href":"https:\/\/www.fox-foodprocessinginabox.eu\/nl\/wp-json\/wp\/v2\/media\/745"}],"wp:attachment":[{"href":"https:\/\/www.fox-foodprocessinginabox.eu\/nl\/wp-json\/wp\/v2\/media?parent=2334"}],"wp:term":[{"taxonomy":"portfolio_category","embeddable":true,"href":"https:\/\/www.fox-foodprocessinginabox.eu\/nl\/wp-json\/wp\/v2\/portfolio_category?post=2334"},{"taxonomy":"portfolio_skills","embeddable":true,"href":"https:\/\/www.fox-foodprocessinginabox.eu\/nl\/wp-json\/wp\/v2\/portfolio_skills?post=2334"},{"taxonomy":"portfolio_tags","embeddable":true,"href":"https:\/\/www.fox-foodprocessinginabox.eu\/nl\/wp-json\/wp\/v2\/portfolio_tags?post=2334"}],"curies":[{"name":"wp","href":"https:\/\/api.w.org\/{rel}","templated":true}]}}